{"id":39,"date":"2024-03-26T14:49:15","date_gmt":"2024-03-26T14:49:15","guid":{"rendered":"https:\/\/trachtenverein-agatharied.de\/?page_id=39"},"modified":"2025-12-01T21:25:07","modified_gmt":"2025-12-01T20:25:07","slug":"100-jaehriges-gruendungsfest-trachtenverein-agatharied","status":"publish","type":"page","link":"https:\/\/trachtenverein-agatharied.de\/index.php\/100-jaehriges-gruendungsfest-trachtenverein-agatharied\/","title":{"rendered":"100-J\u00e4hriges Gr\u00fcndungsfest"},"content":{"rendered":"\n<p><strong><mark style=\"background-color:rgba(0, 0, 0, 0)\" class=\"has-inline-color has-vivid-red-color\"><a href=\"https:\/\/www.instagram.com\/trachten.musi.fest_agatharied?utm_source=ig_web_button_share_sheet&amp;igsh=ZDNlZDc0MzIxNw==\">100-J\u00e4hriges Gr\u00fcndungsfest    12.09.2024 &#8211; 16.09.2024<\/a><\/mark><\/strong><\/p>\n\n\n\n<p><strong><a href=\"https:\/\/www.instagram.com\/trachten.musi.fest_agatharied?utm_source=ig_web_button_share_sheet&amp;igsh=ZDNlZDc0MzIxNw==\">zusammen mit der Blaskapelle Agatharied ( 120-J\u00e4hriges bestehen )<\/a><\/strong><\/p>\n\n\n\n<figure class=\"wp-block-video\"><video height=\"1280\" style=\"aspect-ratio: 720 \/ 1280;\" width=\"720\" controls src=\"https:\/\/trachtenverein-agatharied.de\/wp-content\/uploads\/2024\/08\/Werbevideo-Agatharied.mp4\"><\/video><\/figure>\n\n\n\n<figure class=\"wp-block-gallery has-nested-images columns-default is-cropped wp-block-gallery-1 is-layout-flex wp-block-gallery-is-layout-flex\">\n<figure class=\"wp-block-image size-large\"><img loading=\"lazy\" decoding=\"async\" width=\"1024\" height=\"682\" data-id=\"144\" src=\"https:\/\/trachtenverein-agatharied.de\/wp-content\/uploads\/2024\/03\/cropped-TV_Agatharied_20x30WEB-scaled-1-1024x682.jpg\" alt=\"\" class=\"wp-image-144\" srcset=\"https:\/\/trachtenverein-agatharied.de\/wp-content\/uploads\/2024\/03\/cropped-TV_Agatharied_20x30WEB-scaled-1-1024x682.jpg 1024w, https:\/\/trachtenverein-agatharied.de\/wp-content\/uploads\/2024\/03\/cropped-TV_Agatharied_20x30WEB-scaled-1-300x200.jpg 300w, https:\/\/trachtenverein-agatharied.de\/wp-content\/uploads\/2024\/03\/cropped-TV_Agatharied_20x30WEB-scaled-1-768x512.jpg 768w, https:\/\/trachtenverein-agatharied.de\/wp-content\/uploads\/2024\/03\/cropped-TV_Agatharied_20x30WEB-scaled-1-1536x1024.jpg 1536w, https:\/\/trachtenverein-agatharied.de\/wp-content\/uploads\/2024\/03\/cropped-TV_Agatharied_20x30WEB-scaled-1.jpg 2000w\" sizes=\"auto, (max-width: 706px) 89vw, (max-width: 767px) 82vw, 740px\" \/><\/figure>\n<\/figure>\n\n\n<figure class=\"wp-block-post-featured-image\"><img loading=\"lazy\" decoding=\"async\" width=\"2000\" height=\"1251\" src=\"https:\/\/trachtenverein-agatharied.de\/wp-content\/uploads\/2024\/03\/cropped-4-Plattler-1-4-1.jpg\" class=\"attachment-post-thumbnail size-post-thumbnail wp-post-image\" alt=\"\" style=\"object-fit:cover;\" srcset=\"https:\/\/trachtenverein-agatharied.de\/wp-content\/uploads\/2024\/03\/cropped-4-Plattler-1-4-1.jpg 2000w, https:\/\/trachtenverein-agatharied.de\/wp-content\/uploads\/2024\/03\/cropped-4-Plattler-1-4-1-300x188.jpg 300w, https:\/\/trachtenverein-agatharied.de\/wp-content\/uploads\/2024\/03\/cropped-4-Plattler-1-4-1-1024x641.jpg 1024w, https:\/\/trachtenverein-agatharied.de\/wp-content\/uploads\/2024\/03\/cropped-4-Plattler-1-4-1-768x480.jpg 768w, https:\/\/trachtenverein-agatharied.de\/wp-content\/uploads\/2024\/03\/cropped-4-Plattler-1-4-1-1536x961.jpg 1536w\" sizes=\"auto, 100vw\" \/><\/figure>\n\n\n<p><strong>Termin\u00fcbersicht:<\/strong><\/p>\n\n\n\n<p><\/p>\n\n\n\n<h2 class=\"wp-block-heading\"><strong>Donnerstag, 12. September: Bieranstich mit Spanferkelessen<\/strong><\/h2>\n\n\n\n<p><strong>es spielt:&nbsp;<a href=\"https:\/\/blaskapelle-agatharied.de\/?page_id=15\">Blaskapelle Agatharied<\/a><\/strong><\/p>\n\n\n\n<h2 class=\"wp-block-heading\"><strong>Freitag, 13. September: Bier &amp; Weinfest<\/strong><\/h2>\n\n\n\n<p><strong>es spielen:&nbsp;<a href=\"https:\/\/www.facebook.com\/hallgrafen.musikanten\/?locale=de_DE\">Hallgrafen Musikanten<\/a>,&nbsp;<a href=\"https:\/\/www.facebook.com\/WeissngroanaTanzlmusi\/?locale=de_DE\">Wei\u00df\u00b4ngroana<\/a>&nbsp;&amp; die&nbsp;<a href=\"https:\/\/www.instagram.com\/agatharieder_tanzlmusi\/\">Agatharieder Tanzlmusi<\/a><\/strong><\/p>\n\n\n\n<h2 class=\"wp-block-heading\"><strong>Samstag, 14. September: Heimatabend samt Totenehrung<\/strong><\/h2>\n\n\n\n<h2 class=\"wp-block-heading\"><strong>Sonntag, 15. September: Festsonntag des Trachtenvereins Agatharied ( 100-J\u00e4hriges ) &amp; der Blaskapelle Agatharied ( 120-J\u00e4hriges )<\/strong><\/h2>\n\n\n\n<p>es spielen:  <a href=\"https:\/\/blaskapelle-agatharied.de\/?page_id=15\">Blaskapelle Agatharied<\/a> &amp; <a href=\"https:\/\/musikkapelle-elbach.de\/\">Musikkapelle Elbach<\/a><\/p>\n\n\n\n<h2 class=\"wp-block-heading\"><strong>Montag, 16. September: Kesselfleisch- &amp; Ochsenbackerlessen<\/strong><\/h2>\n\n\n\n<p><strong>es spielt:&nbsp;<a href=\"https:\/\/www.musikverein-miesbach.de\/\">Musikverein Miesbach<\/a><\/strong><\/p>\n\n\n\n<hr class=\"wp-block-separator has-alpha-channel-opacity\"\/>\n\n\n\n<div class=\"wp-block-media-text is-stacked-on-mobile\" style=\"grid-template-columns:60% auto\"><figure class=\"wp-block-media-text__media\"><a href=\"https:\/\/www.instagram.com\/trachten.musi.fest_agatharied?utm_source=ig_web_button_share_sheet&amp;igsh=ZDNlZDc0MzIxNw==\" target=\"_blank\" rel=\"noreferrer noopener\"><img loading=\"lazy\" decoding=\"async\" width=\"1024\" height=\"683\" src=\"http:\/\/trachtenverein-agatharied.de\/wp-content\/uploads\/2024\/03\/TV_Agatharied_20x30WEB-1024x683.jpg\" alt=\"\" class=\"wp-image-143 size-full\" srcset=\"https:\/\/trachtenverein-agatharied.de\/wp-content\/uploads\/2024\/03\/TV_Agatharied_20x30WEB-1024x683.jpg 1024w, https:\/\/trachtenverein-agatharied.de\/wp-content\/uploads\/2024\/03\/TV_Agatharied_20x30WEB-300x200.jpg 300w, https:\/\/trachtenverein-agatharied.de\/wp-content\/uploads\/2024\/03\/TV_Agatharied_20x30WEB-768x512.jpg 768w, https:\/\/trachtenverein-agatharied.de\/wp-content\/uploads\/2024\/03\/TV_Agatharied_20x30WEB-1536x1024.jpg 1536w, https:\/\/trachtenverein-agatharied.de\/wp-content\/uploads\/2024\/03\/TV_Agatharied_20x30WEB-2048x1365.jpg 2048w\" sizes=\"auto, (max-width: 706px) 89vw, (max-width: 767px) 82vw, 740px\" \/><\/a><\/figure><div class=\"wp-block-media-text__content\">\n<figure class=\"wp-block-image size-large\"><img loading=\"lazy\" decoding=\"async\" width=\"891\" height=\"1024\" src=\"https:\/\/trachtenverein-agatharied.de\/wp-content\/uploads\/2024\/05\/trachten.musi_.fest_agatharied_qr-2-891x1024.png\" alt=\"\" class=\"wp-image-283\" srcset=\"https:\/\/trachtenverein-agatharied.de\/wp-content\/uploads\/2024\/05\/trachten.musi_.fest_agatharied_qr-2-891x1024.png 891w, https:\/\/trachtenverein-agatharied.de\/wp-content\/uploads\/2024\/05\/trachten.musi_.fest_agatharied_qr-2-261x300.png 261w, https:\/\/trachtenverein-agatharied.de\/wp-content\/uploads\/2024\/05\/trachten.musi_.fest_agatharied_qr-2-768x882.png 768w, https:\/\/trachtenverein-agatharied.de\/wp-content\/uploads\/2024\/05\/trachten.musi_.fest_agatharied_qr-2-1337x1536.png 1337w, https:\/\/trachtenverein-agatharied.de\/wp-content\/uploads\/2024\/05\/trachten.musi_.fest_agatharied_qr-2-1783x2048.png 1783w\" sizes=\"auto, (max-width: 706px) 89vw, (max-width: 767px) 82vw, 740px\" \/><\/figure>\n<\/div><\/div>\n\n\n\n<p><\/p>\n\n\n\n<div class=\"wp-block-columns is-layout-flex wp-container-core-columns-is-layout-9d6595d7 wp-block-columns-is-layout-flex\">\n<div class=\"wp-block-column is-layout-flow wp-block-column-is-layout-flow\" style=\"flex-basis:100%\">\n<figure class=\"wp-block-video aligncenter\"><video height=\"848\" style=\"aspect-ratio: 480 \/ 848;\" width=\"480\" controls src=\"https:\/\/trachtenverein-agatharied.de\/wp-content\/uploads\/2025\/12\/Werbevideo-1-samt-Outtakes.mp4\"><\/video><\/figure>\n<\/div>\n<\/div>\n\n\n\n<p><\/p>\n","protected":false},"excerpt":{"rendered":"<p>100-J\u00e4hriges Gr\u00fcndungsfest 12.09.2024 &#8211; 16.09.2024 zusammen mit der Blaskapelle Agatharied ( 120-J\u00e4hriges bestehen ) Termin\u00fcbersicht: Donnerstag, 12. September: Bieranstich mit Spanferkelessen es spielt:&nbsp;Blaskapelle Agatharied Freitag, 13. September: Bier &amp; Weinfest es spielen:&nbsp;Hallgrafen Musikanten,&nbsp;Wei\u00df\u00b4ngroana&nbsp;&amp; die&nbsp;Agatharieder Tanzlmusi Samstag, 14. September: Heimatabend samt Totenehrung Sonntag, 15. September: Festsonntag des Trachtenvereins Agatharied ( 100-J\u00e4hriges ) &amp; der Blaskapelle Agatharied &hellip; <\/p>\n<p class=\"link-more\"><a href=\"https:\/\/trachtenverein-agatharied.de\/index.php\/100-jaehriges-gruendungsfest-trachtenverein-agatharied\/\" class=\"more-link\"><span class=\"screen-reader-text\">\u201e100-J\u00e4hriges Gr\u00fcndungsfest\u201c <\/span>weiterlesen<\/a><\/p>\n","protected":false},"author":2,"featured_media":46,"parent":0,"menu_order":0,"comment_status":"closed","ping_status":"closed","template":"","meta":{"footnotes":""},"class_list":["post-39","page","type-page","status-publish","has-post-thumbnail","hentry"],"yoast_head":"<!-- This site is optimized with the Yoast SEO plugin v27.4 - https:\/\/yoast.com\/product\/yoast-seo-wordpress\/ -->\n<title>100-J\u00e4hriges Gr\u00fcndungsfest - Trachtenverein Agatharied<\/title>\n<meta name=\"robots\" content=\"index, follow, max-snippet:-1, max-image-preview:large, max-video-preview:-1\" \/>\n<link rel=\"canonical\" href=\"https:\/\/trachtenverein-agatharied.de\/index.php\/100-jaehriges-gruendungsfest-trachtenverein-agatharied\/\" \/>\n<meta property=\"og:locale\" content=\"de_DE\" \/>\n<meta property=\"og:type\" content=\"article\" \/>\n<meta property=\"og:title\" content=\"100-J\u00e4hriges Gr\u00fcndungsfest - Trachtenverein Agatharied\" \/>\n<meta property=\"og:description\" content=\"100-J\u00e4hriges Gr\u00fcndungsfest 12.09.2024 &#8211; 16.09.2024 zusammen mit der Blaskapelle Agatharied ( 120-J\u00e4hriges bestehen ) Termin\u00fcbersicht: Donnerstag, 12. September: Bieranstich mit Spanferkelessen es spielt:&nbsp;Blaskapelle Agatharied Freitag, 13. September: Bier &amp; Weinfest es spielen:&nbsp;Hallgrafen Musikanten,&nbsp;Wei\u00df\u00b4ngroana&nbsp;&amp; die&nbsp;Agatharieder Tanzlmusi Samstag, 14. September: Heimatabend samt Totenehrung Sonntag, 15. September: Festsonntag des Trachtenvereins Agatharied ( 100-J\u00e4hriges ) &amp; der Blaskapelle Agatharied &hellip; \u201e100-J\u00e4hriges Gr\u00fcndungsfest\u201c weiterlesen\" \/>\n<meta property=\"og:url\" content=\"https:\/\/trachtenverein-agatharied.de\/index.php\/100-jaehriges-gruendungsfest-trachtenverein-agatharied\/\" \/>\n<meta property=\"og:site_name\" content=\"Trachtenverein Agatharied\" \/>\n<meta property=\"article:modified_time\" content=\"2025-12-01T20:25:07+00:00\" \/>\n<meta property=\"og:image\" content=\"http:\/\/trachtenverein-agatharied.de\/wp-content\/uploads\/2024\/03\/cropped-4-Plattler-1-4-1.jpg\" \/>\n\t<meta property=\"og:image:width\" content=\"2000\" \/>\n\t<meta property=\"og:image:height\" content=\"1251\" \/>\n\t<meta property=\"og:image:type\" content=\"image\/jpeg\" \/>\n<meta name=\"twitter:card\" content=\"summary_large_image\" \/>\n<meta name=\"twitter:label1\" content=\"Gesch\u00e4tzte Lesezeit\" \/>\n\t<meta name=\"twitter:data1\" content=\"2\u00a0Minuten\" \/>\n<script type=\"application\/ld+json\" class=\"yoast-schema-graph\">{\"@context\":\"https:\\\/\\\/schema.org\",\"@graph\":[{\"@type\":\"WebPage\",\"@id\":\"https:\\\/\\\/trachtenverein-agatharied.de\\\/index.php\\\/100-jaehriges-gruendungsfest-trachtenverein-agatharied\\\/\",\"url\":\"https:\\\/\\\/trachtenverein-agatharied.de\\\/index.php\\\/100-jaehriges-gruendungsfest-trachtenverein-agatharied\\\/\",\"name\":\"100-J\u00e4hriges Gr\u00fcndungsfest - Trachtenverein Agatharied\",\"isPartOf\":{\"@id\":\"https:\\\/\\\/trachtenverein-agatharied.de\\\/#website\"},\"primaryImageOfPage\":{\"@id\":\"https:\\\/\\\/trachtenverein-agatharied.de\\\/index.php\\\/100-jaehriges-gruendungsfest-trachtenverein-agatharied\\\/#primaryimage\"},\"image\":{\"@id\":\"https:\\\/\\\/trachtenverein-agatharied.de\\\/index.php\\\/100-jaehriges-gruendungsfest-trachtenverein-agatharied\\\/#primaryimage\"},\"thumbnailUrl\":\"https:\\\/\\\/trachtenverein-agatharied.de\\\/wp-content\\\/uploads\\\/2024\\\/03\\\/cropped-4-Plattler-1-4-1.jpg\",\"datePublished\":\"2024-03-26T14:49:15+00:00\",\"dateModified\":\"2025-12-01T20:25:07+00:00\",\"breadcrumb\":{\"@id\":\"https:\\\/\\\/trachtenverein-agatharied.de\\\/index.php\\\/100-jaehriges-gruendungsfest-trachtenverein-agatharied\\\/#breadcrumb\"},\"inLanguage\":\"de\",\"potentialAction\":[{\"@type\":\"ReadAction\",\"target\":[\"https:\\\/\\\/trachtenverein-agatharied.de\\\/index.php\\\/100-jaehriges-gruendungsfest-trachtenverein-agatharied\\\/\"]}]},{\"@type\":\"ImageObject\",\"inLanguage\":\"de\",\"@id\":\"https:\\\/\\\/trachtenverein-agatharied.de\\\/index.php\\\/100-jaehriges-gruendungsfest-trachtenverein-agatharied\\\/#primaryimage\",\"url\":\"https:\\\/\\\/trachtenverein-agatharied.de\\\/wp-content\\\/uploads\\\/2024\\\/03\\\/cropped-4-Plattler-1-4-1.jpg\",\"contentUrl\":\"https:\\\/\\\/trachtenverein-agatharied.de\\\/wp-content\\\/uploads\\\/2024\\\/03\\\/cropped-4-Plattler-1-4-1.jpg\",\"width\":2000,\"height\":1251},{\"@type\":\"BreadcrumbList\",\"@id\":\"https:\\\/\\\/trachtenverein-agatharied.de\\\/index.php\\\/100-jaehriges-gruendungsfest-trachtenverein-agatharied\\\/#breadcrumb\",\"itemListElement\":[{\"@type\":\"ListItem\",\"position\":1,\"name\":\"Startseite\",\"item\":\"https:\\\/\\\/trachtenverein-agatharied.de\\\/\"},{\"@type\":\"ListItem\",\"position\":2,\"name\":\"100-J\u00e4hriges Gr\u00fcndungsfest\"}]},{\"@type\":\"WebSite\",\"@id\":\"https:\\\/\\\/trachtenverein-agatharied.de\\\/#website\",\"url\":\"https:\\\/\\\/trachtenverein-agatharied.de\\\/\",\"name\":\"Trachtenverein Agatharied\",\"description\":\"Heimat- und Volkstrachten Erhaltungsverein Agatharied e.V.\",\"publisher\":{\"@id\":\"https:\\\/\\\/trachtenverein-agatharied.de\\\/#organization\"},\"potentialAction\":[{\"@type\":\"SearchAction\",\"target\":{\"@type\":\"EntryPoint\",\"urlTemplate\":\"https:\\\/\\\/trachtenverein-agatharied.de\\\/?s={search_term_string}\"},\"query-input\":{\"@type\":\"PropertyValueSpecification\",\"valueRequired\":true,\"valueName\":\"search_term_string\"}}],\"inLanguage\":\"de\"},{\"@type\":\"Organization\",\"@id\":\"https:\\\/\\\/trachtenverein-agatharied.de\\\/#organization\",\"name\":\"Trachtenverein Agatharied\",\"url\":\"https:\\\/\\\/trachtenverein-agatharied.de\\\/\",\"logo\":{\"@type\":\"ImageObject\",\"inLanguage\":\"de\",\"@id\":\"https:\\\/\\\/trachtenverein-agatharied.de\\\/#\\\/schema\\\/logo\\\/image\\\/\",\"url\":\"https:\\\/\\\/trachtenverein-agatharied.de\\\/wp-content\\\/uploads\\\/2024\\\/03\\\/cropped-TV_Agatharied_20x30WEB-scaled-2.jpg\",\"contentUrl\":\"https:\\\/\\\/trachtenverein-agatharied.de\\\/wp-content\\\/uploads\\\/2024\\\/03\\\/cropped-TV_Agatharied_20x30WEB-scaled-2.jpg\",\"width\":375,\"height\":250,\"caption\":\"Trachtenverein Agatharied\"},\"image\":{\"@id\":\"https:\\\/\\\/trachtenverein-agatharied.de\\\/#\\\/schema\\\/logo\\\/image\\\/\"}}]}<\/script>\n<!-- \/ Yoast SEO plugin. -->","yoast_head_json":{"title":"100-J\u00e4hriges Gr\u00fcndungsfest - Trachtenverein Agatharied","robots":{"index":"index","follow":"follow","max-snippet":"max-snippet:-1","max-image-preview":"max-image-preview:large","max-video-preview":"max-video-preview:-1"},"canonical":"https:\/\/trachtenverein-agatharied.de\/index.php\/100-jaehriges-gruendungsfest-trachtenverein-agatharied\/","og_locale":"de_DE","og_type":"article","og_title":"100-J\u00e4hriges Gr\u00fcndungsfest - Trachtenverein Agatharied","og_description":"100-J\u00e4hriges Gr\u00fcndungsfest 12.09.2024 &#8211; 16.09.2024 zusammen mit der Blaskapelle Agatharied ( 120-J\u00e4hriges bestehen ) Termin\u00fcbersicht: Donnerstag, 12. September: Bieranstich mit Spanferkelessen es spielt:&nbsp;Blaskapelle Agatharied Freitag, 13. September: Bier &amp; Weinfest es spielen:&nbsp;Hallgrafen Musikanten,&nbsp;Wei\u00df\u00b4ngroana&nbsp;&amp; die&nbsp;Agatharieder Tanzlmusi Samstag, 14. September: Heimatabend samt Totenehrung Sonntag, 15. September: Festsonntag des Trachtenvereins Agatharied ( 100-J\u00e4hriges ) &amp; der Blaskapelle Agatharied &hellip; \u201e100-J\u00e4hriges Gr\u00fcndungsfest\u201c weiterlesen","og_url":"https:\/\/trachtenverein-agatharied.de\/index.php\/100-jaehriges-gruendungsfest-trachtenverein-agatharied\/","og_site_name":"Trachtenverein Agatharied","article_modified_time":"2025-12-01T20:25:07+00:00","og_image":[{"width":2000,"height":1251,"url":"http:\/\/trachtenverein-agatharied.de\/wp-content\/uploads\/2024\/03\/cropped-4-Plattler-1-4-1.jpg","type":"image\/jpeg"}],"twitter_card":"summary_large_image","twitter_misc":{"Gesch\u00e4tzte Lesezeit":"2\u00a0Minuten"},"schema":{"@context":"https:\/\/schema.org","@graph":[{"@type":"WebPage","@id":"https:\/\/trachtenverein-agatharied.de\/index.php\/100-jaehriges-gruendungsfest-trachtenverein-agatharied\/","url":"https:\/\/trachtenverein-agatharied.de\/index.php\/100-jaehriges-gruendungsfest-trachtenverein-agatharied\/","name":"100-J\u00e4hriges Gr\u00fcndungsfest - Trachtenverein Agatharied","isPartOf":{"@id":"https:\/\/trachtenverein-agatharied.de\/#website"},"primaryImageOfPage":{"@id":"https:\/\/trachtenverein-agatharied.de\/index.php\/100-jaehriges-gruendungsfest-trachtenverein-agatharied\/#primaryimage"},"image":{"@id":"https:\/\/trachtenverein-agatharied.de\/index.php\/100-jaehriges-gruendungsfest-trachtenverein-agatharied\/#primaryimage"},"thumbnailUrl":"https:\/\/trachtenverein-agatharied.de\/wp-content\/uploads\/2024\/03\/cropped-4-Plattler-1-4-1.jpg","datePublished":"2024-03-26T14:49:15+00:00","dateModified":"2025-12-01T20:25:07+00:00","breadcrumb":{"@id":"https:\/\/trachtenverein-agatharied.de\/index.php\/100-jaehriges-gruendungsfest-trachtenverein-agatharied\/#breadcrumb"},"inLanguage":"de","potentialAction":[{"@type":"ReadAction","target":["https:\/\/trachtenverein-agatharied.de\/index.php\/100-jaehriges-gruendungsfest-trachtenverein-agatharied\/"]}]},{"@type":"ImageObject","inLanguage":"de","@id":"https:\/\/trachtenverein-agatharied.de\/index.php\/100-jaehriges-gruendungsfest-trachtenverein-agatharied\/#primaryimage","url":"https:\/\/trachtenverein-agatharied.de\/wp-content\/uploads\/2024\/03\/cropped-4-Plattler-1-4-1.jpg","contentUrl":"https:\/\/trachtenverein-agatharied.de\/wp-content\/uploads\/2024\/03\/cropped-4-Plattler-1-4-1.jpg","width":2000,"height":1251},{"@type":"BreadcrumbList","@id":"https:\/\/trachtenverein-agatharied.de\/index.php\/100-jaehriges-gruendungsfest-trachtenverein-agatharied\/#breadcrumb","itemListElement":[{"@type":"ListItem","position":1,"name":"Startseite","item":"https:\/\/trachtenverein-agatharied.de\/"},{"@type":"ListItem","position":2,"name":"100-J\u00e4hriges Gr\u00fcndungsfest"}]},{"@type":"WebSite","@id":"https:\/\/trachtenverein-agatharied.de\/#website","url":"https:\/\/trachtenverein-agatharied.de\/","name":"Trachtenverein Agatharied","description":"Heimat- und Volkstrachten Erhaltungsverein Agatharied e.V.","publisher":{"@id":"https:\/\/trachtenverein-agatharied.de\/#organization"},"potentialAction":[{"@type":"SearchAction","target":{"@type":"EntryPoint","urlTemplate":"https:\/\/trachtenverein-agatharied.de\/?s={search_term_string}"},"query-input":{"@type":"PropertyValueSpecification","valueRequired":true,"valueName":"search_term_string"}}],"inLanguage":"de"},{"@type":"Organization","@id":"https:\/\/trachtenverein-agatharied.de\/#organization","name":"Trachtenverein Agatharied","url":"https:\/\/trachtenverein-agatharied.de\/","logo":{"@type":"ImageObject","inLanguage":"de","@id":"https:\/\/trachtenverein-agatharied.de\/#\/schema\/logo\/image\/","url":"https:\/\/trachtenverein-agatharied.de\/wp-content\/uploads\/2024\/03\/cropped-TV_Agatharied_20x30WEB-scaled-2.jpg","contentUrl":"https:\/\/trachtenverein-agatharied.de\/wp-content\/uploads\/2024\/03\/cropped-TV_Agatharied_20x30WEB-scaled-2.jpg","width":375,"height":250,"caption":"Trachtenverein Agatharied"},"image":{"@id":"https:\/\/trachtenverein-agatharied.de\/#\/schema\/logo\/image\/"}}]}},"_links":{"self":[{"href":"https:\/\/trachtenverein-agatharied.de\/index.php\/wp-json\/wp\/v2\/pages\/39","targetHints":{"allow":["GET"]}}],"collection":[{"href":"https:\/\/trachtenverein-agatharied.de\/index.php\/wp-json\/wp\/v2\/pages"}],"about":[{"href":"https:\/\/trachtenverein-agatharied.de\/index.php\/wp-json\/wp\/v2\/types\/page"}],"author":[{"embeddable":true,"href":"https:\/\/trachtenverein-agatharied.de\/index.php\/wp-json\/wp\/v2\/users\/2"}],"replies":[{"embeddable":true,"href":"https:\/\/trachtenverein-agatharied.de\/index.php\/wp-json\/wp\/v2\/comments?post=39"}],"version-history":[{"count":24,"href":"https:\/\/trachtenverein-agatharied.de\/index.php\/wp-json\/wp\/v2\/pages\/39\/revisions"}],"predecessor-version":[{"id":334,"href":"https:\/\/trachtenverein-agatharied.de\/index.php\/wp-json\/wp\/v2\/pages\/39\/revisions\/334"}],"wp:featuredmedia":[{"embeddable":true,"href":"https:\/\/trachtenverein-agatharied.de\/index.php\/wp-json\/wp\/v2\/media\/46"}],"wp:attachment":[{"href":"https:\/\/trachtenverein-agatharied.de\/index.php\/wp-json\/wp\/v2\/media?parent=39"}],"curies":[{"name":"wp","href":"https:\/\/api.w.org\/{rel}","templated":true}]}}